{"id":2739,"date":"2023-01-10T10:10:53","date_gmt":"2023-01-10T09:10:53","guid":{"rendered":"https:\/\/www.le-moulin-a-vent.com\/vermietungen\/"},"modified":"2025-11-17T11:03:50","modified_gmt":"2025-11-17T10:03:50","slug":"vermietungen","status":"publish","type":"page","link":"https:\/\/www.le-moulin-a-vent.com\/de\/vermietungen\/","title":{"rendered":"Vermietungen"},"content":{"rendered":"\n<div class=\"wp-block-columns alignfull has-orange-clair-background-color has-background\">\n<div class=\"wp-block-column\" style=\"flex-basis:35%\">\n<figure class=\"wp-block-image size-full alignfull\"><img width=\"1024\" height=\"708\" src=\"https:\/\/www.le-moulin-a-vent.com\/wp-content\/uploads\/2022\/12\/1671205426759.jpg\" alt=\"\" class=\"wp-image-1977\" srcset=\"https:\/\/www.le-moulin-a-vent.com\/wp-content\/uploads\/2022\/12\/1671205426759.jpg 1024w, https:\/\/www.le-moulin-a-vent.com\/wp-content\/uploads\/2022\/12\/1671205426759-300x207.jpg 300w, https:\/\/www.le-moulin-a-vent.com\/wp-content\/uploads\/2022\/12\/1671205426759-768x531.jpg 768w\" sizes=\"(max-width: 1024px) 100vw, 1024px\" \/><\/figure>\n<\/div>\n\n\n\n<div class=\"wp-block-column\">\n<h1 id=\"des-hebergements-en-pleine-naturedans-ce-camping-arbore-du-vaucluse\"><em>Unterk\u00fcnfte inmitten der Natur<\/em><br>auf diesem baumbestandenen Campingplatz im Vaucluse<\/h1>\n\n\n\n<p>Erleben Sie eine Auszeit von den Massen auf dem Campingplatz <strong>Le Moulin \u00e0 Vent<\/strong>. Entspannen Sie sich in unseren Cottages, die inmitten eines zwei Hektar gro\u00dfen Parks liegen.<\/p>\n\n\n\n<p>Ob Sie den Campingplatz Le Moulin \u00e0 Vent f\u00fcr einen ruhigen Aufenthalt, zu zweit oder mit Ihrer Familie besuchen, Sie werden die richtige Unterkunft finden.<\/p>\n\n\n\n<div class=\"wp-container-69f282866d294 wp-block-buttons\">\n<div class=\"wp-block-button btn_resa_loc\"><a class=\"wp-block-button__link\"><i class=\"fas fa-arrow-right\"><\/i>  Schnell buchen!<\/a><\/div>\n<\/div>\n<\/div>\n<\/div>\n\n\n\n<div class=\"wp-block-columns fleur_gauche\">\n<div class=\"wp-block-column\">\n<h2 class=\"h2_vert\" id=\"un-mobil-home-cigale-ou-olivierpour-un-sejour-en-duo-dans-le-luberon\">Unsere Mobilheime und Cottages<br><em>f\u00fcr einen Aufenthalt im Luberon<\/em><\/h2>\n\n\n\n<p>Unsere klimatisierten Cottages und Mobilheime f\u00fcr 2 bis 4 Personen liegen mitten in der Natur!<\/p>\n\n\n\n<p>So bleibt Ihre Privatsph\u00e4re w\u00e4hrend Ihres Aufenthalts gewahrt.<\/p>\n\n\n\n<p>Hier k\u00f6nnen Sie sich in aller Ruhe entspannen und die Seele baumeln lassen.<\/p>\n<\/div>\n\n\n\n<div class=\"wp-block-column\">\n<figure class=\"wp-block-gallery has-nested-images columns-default is-cropped\">\n<figure class=\"wp-block-image size-full\"><img width=\"1024\" height=\"769\" src=\"https:\/\/www.le-moulin-a-vent.com\/wp-content\/uploads\/2023\/01\/1671205426785-1.jpg\" alt=\"\" class=\"wp-image-2518\" srcset=\"https:\/\/www.le-moulin-a-vent.com\/wp-content\/uploads\/2023\/01\/1671205426785-1.jpg 1024w, https:\/\/www.le-moulin-a-vent.com\/wp-content\/uploads\/2023\/01\/1671205426785-1-300x225.jpg 300w, https:\/\/www.le-moulin-a-vent.com\/wp-content\/uploads\/2023\/01\/1671205426785-1-768x577.jpg 768w\" sizes=\"(max-width: 1024px) 100vw, 1024px\" \/><\/figure>\n\n\n\n<figure class=\"wp-block-image size-full\"><img width=\"1024\" height=\"768\" src=\"https:\/\/www.le-moulin-a-vent.com\/wp-content\/uploads\/2023\/01\/cigale-1.jpg\" alt=\"\" class=\"wp-image-2522\" srcset=\"https:\/\/www.le-moulin-a-vent.com\/wp-content\/uploads\/2023\/01\/cigale-1.jpg 1024w, https:\/\/www.le-moulin-a-vent.com\/wp-content\/uploads\/2023\/01\/cigale-1-300x225.jpg 300w, https:\/\/www.le-moulin-a-vent.com\/wp-content\/uploads\/2023\/01\/cigale-1-768x576.jpg 768w\" sizes=\"(max-width: 1024px) 100vw, 1024px\" \/><\/figure>\n<\/figure>\n<\/div>\n<\/div>\n\n\n\n<div class=\"wp-block-columns loc-container\">\n<div class=\"wp-block-column has-orange-clair-background-color has-background\">\n<p class=\"has-text-align-center h2 h2_orange\" id=\"decouvrez-le-riche-patrimoine-aux-environs-du-sud-provence\"><em>Cottages<\/em><br>Rosmarin, Luberon (2 bis 4 Pers.) und Eiche (3 Pers.)<\/p>\n\n\n\n<figure class=\"wp-block-gallery has-nested-images columns-default is-cropped diaporama--1\">\n<figure class=\"wp-block-image size-full\"><img width=\"730\" height=\"526\" src=\"https:\/\/www.le-moulin-a-vent.com\/wp-content\/uploads\/2022\/12\/Camping-du-moulin-a\u0300-vent-photo-N\u00b0-04-730x526-1.jpg\" alt=\"Camping-du-moulin-\u00e0-vent-photo\" class=\"wp-image-2074\" srcset=\"https:\/\/www.le-moulin-a-vent.com\/wp-content\/uploads\/2022\/12\/Camping-du-moulin-a\u0300-vent-photo-N\u00b0-04-730x526-1.jpg 730w, https:\/\/www.le-moulin-a-vent.com\/wp-content\/uploads\/2022\/12\/Camping-du-moulin-a\u0300-vent-photo-N\u00b0-04-730x526-1-300x216.jpg 300w\" sizes=\"(max-width: 730px) 100vw, 730px\" \/><\/figure>\n\n\n\n<figure class=\"wp-block-image size-full\"><img width=\"600\" height=\"400\" src=\"https:\/\/www.le-moulin-a-vent.com\/wp-content\/uploads\/2022\/12\/photo_cottage_romarin_exterieur.jpg\" alt=\"\" class=\"wp-image-2079\" srcset=\"https:\/\/www.le-moulin-a-vent.com\/wp-content\/uploads\/2022\/12\/photo_cottage_romarin_exterieur.jpg 600w, https:\/\/www.le-moulin-a-vent.com\/wp-content\/uploads\/2022\/12\/photo_cottage_romarin_exterieur-300x200.jpg 300w\" sizes=\"(max-width: 600px) 100vw, 600px\" \/><\/figure>\n\n\n\n<figure class=\"wp-block-image size-full\"><img width=\"600\" height=\"400\" src=\"https:\/\/www.le-moulin-a-vent.com\/wp-content\/uploads\/2022\/12\/photo_cottage_romarin_interieur.jpg\" alt=\"\" class=\"wp-image-2083\" srcset=\"https:\/\/www.le-moulin-a-vent.com\/wp-content\/uploads\/2022\/12\/photo_cottage_romarin_interieur.jpg 600w, https:\/\/www.le-moulin-a-vent.com\/wp-content\/uploads\/2022\/12\/photo_cottage_romarin_interieur-300x200.jpg 300w\" sizes=\"(max-width: 600px) 100vw, 600px\" \/><\/figure>\n\n\n\n<figure class=\"wp-block-image size-full\"><img width=\"730\" height=\"526\" src=\"https:\/\/www.le-moulin-a-vent.com\/wp-content\/uploads\/2022\/12\/photo_chenes-730x526-1.jpg\" alt=\"\" class=\"wp-image-2140\" srcset=\"https:\/\/www.le-moulin-a-vent.com\/wp-content\/uploads\/2022\/12\/photo_chenes-730x526-1.jpg 730w, https:\/\/www.le-moulin-a-vent.com\/wp-content\/uploads\/2022\/12\/photo_chenes-730x526-1-300x216.jpg 300w\" sizes=\"(max-width: 730px) 100vw, 730px\" \/><\/figure>\n<\/figure>\n\n\n\n<ul class=\"pictos\"><li><i class=\"fal fa-table-picnic\"><\/i>  Gartenm\u00f6bel<\/li><li><i class=\"fal fa-air-conditioner\"><\/i>  Klimaanlage<\/li><\/ul>\n\n\n\n<p>Ferienh\u00e4user Romarin und Luberon :  <\/p>\n\n\n\n<ul><li>Fl\u00e4che 32,5 m\u00b2 + \u00fcberdachte Terrasse<\/li><li>2 Zi. jeweils mit 2 Betten 140&#215;190<\/li><li>Vollst\u00e4ndige Sanit\u00e4ranlagen<\/li><li>Ausgestattete K\u00fcche<\/li><li>Fernsehen<\/li><li>Geschirr angepasst an die Anzahl der Personen<\/li><\/ul>\n\n\n\n<p>Das Ferienhaus Ch\u00eane verf\u00fcgt \u00fcber keine Klimaanlage, befindet sich aber auf einem schattigen Platz.<\/p>\n\n\n\n<ul><li>Fl\u00e4che 25 m\u00b2 + Terrasse 8 m\u00b2<\/li><li>1 Zi. mit 1 Bett 140*190<\/li><li>1 Zi. mit 1 Bett 80&#215;190<\/li><li>Ohne Sanit\u00e4ranlagen, in der N\u00e4he von Gemeinschaftstoiletten<\/li><li>Ausgestattete K\u00fcche (Nur kaltes Wasser)<\/li><li>Geschirr angepasst an die Anzahl der Personen<\/li><\/ul>\n\n\n\n<div class=\"wp-container-69f282866d97b wp-block-buttons\">\n<div class=\"wp-block-button btn_resa_id_116092\"><a class=\"wp-block-button__link\"><i class=\"fas fa-arrow-right\"><\/i> Buch Cottage Ch\u00eane<\/a><\/div>\n\n\n\n<div class=\"wp-block-button btn_resa_id_49305\"><a class=\"wp-block-button__link\"><i class=\"fas fa-arrow-right\"><\/i> Buch Cottage Romarin oder Luberon<\/a><\/div>\n<\/div>\n<\/div>\n\n\n\n<div class=\"wp-block-column has-orange-clair-background-color has-background\">\n<p class=\"has-text-align-center h2 h2_orange\" id=\"decouvrez-le-riche-patrimoine-aux-environs-du-sud-provence\">Mobilheime<br> Cigale, Olivier und Ecureuil (2 bis 4 Pers.)<\/p>\n\n\n\n<figure class=\"wp-block-gallery has-nested-images columns-default is-cropped diaporama--1\">\n<figure class=\"wp-block-image size-full\"><img width=\"730\" height=\"526\" src=\"https:\/\/www.le-moulin-a-vent.com\/wp-content\/uploads\/2022\/12\/cigale-et-olivier-730x526-1.jpg\" alt=\"\" class=\"wp-image-2103\" srcset=\"https:\/\/www.le-moulin-a-vent.com\/wp-content\/uploads\/2022\/12\/cigale-et-olivier-730x526-1.jpg 730w, https:\/\/www.le-moulin-a-vent.com\/wp-content\/uploads\/2022\/12\/cigale-et-olivier-730x526-1-300x216.jpg 300w\" sizes=\"(max-width: 730px) 100vw, 730px\" \/><\/figure>\n\n\n\n<figure class=\"wp-block-image size-large\"><img width=\"1024\" height=\"769\" src=\"https:\/\/www.le-moulin-a-vent.com\/wp-content\/uploads\/2023\/03\/cuisine-mh-1024x769.jpg\" alt=\"\" class=\"wp-image-3163\" srcset=\"https:\/\/www.le-moulin-a-vent.com\/wp-content\/uploads\/2023\/03\/cuisine-mh-1024x769.jpg 1024w, https:\/\/www.le-moulin-a-vent.com\/wp-content\/uploads\/2023\/03\/cuisine-mh-300x225.jpg 300w, https:\/\/www.le-moulin-a-vent.com\/wp-content\/uploads\/2023\/03\/cuisine-mh-768x577.jpg 768w, https:\/\/www.le-moulin-a-vent.com\/wp-content\/uploads\/2023\/03\/cuisine-mh-1536x1153.jpg 1536w, https:\/\/www.le-moulin-a-vent.com\/wp-content\/uploads\/2023\/03\/cuisine-mh-2048x1538.jpg 2048w\" sizes=\"(max-width: 1024px) 100vw, 1024px\" \/><\/figure>\n\n\n\n<figure class=\"wp-block-image size-full\"><img width=\"730\" height=\"526\" src=\"https:\/\/www.le-moulin-a-vent.com\/wp-content\/uploads\/2022\/12\/cuisine-730x526-1.jpg\" alt=\"\" class=\"wp-image-2127\" srcset=\"https:\/\/www.le-moulin-a-vent.com\/wp-content\/uploads\/2022\/12\/cuisine-730x526-1.jpg 730w, https:\/\/www.le-moulin-a-vent.com\/wp-content\/uploads\/2022\/12\/cuisine-730x526-1-300x216.jpg 300w\" sizes=\"(max-width: 730px) 100vw, 730px\" \/><\/figure>\n\n\n\n<figure class=\"wp-block-image size-full\"><img width=\"276\" height=\"207\" src=\"https:\/\/www.le-moulin-a-vent.com\/wp-content\/uploads\/2024\/11\/00001211902.webp\" alt=\"\" class=\"wp-image-3374\"\/><\/figure>\n\n\n\n<figure class=\"wp-block-image size-full\"><img width=\"1152\" height=\"2560\" src=\"https:\/\/www.le-moulin-a-vent.com\/wp-content\/uploads\/2023\/03\/sdb-scaled.jpg\" alt=\"\" class=\"wp-image-3167\" srcset=\"https:\/\/www.le-moulin-a-vent.com\/wp-content\/uploads\/2023\/03\/sdb-scaled.jpg 1152w, https:\/\/www.le-moulin-a-vent.com\/wp-content\/uploads\/2023\/03\/sdb-135x300.jpg 135w, https:\/\/www.le-moulin-a-vent.com\/wp-content\/uploads\/2023\/03\/sdb-461x1024.jpg 461w, https:\/\/www.le-moulin-a-vent.com\/wp-content\/uploads\/2023\/03\/sdb-768x1707.jpg 768w, https:\/\/www.le-moulin-a-vent.com\/wp-content\/uploads\/2023\/03\/sdb-691x1536.jpg 691w, https:\/\/www.le-moulin-a-vent.com\/wp-content\/uploads\/2023\/03\/sdb-922x2048.jpg 922w\" sizes=\"(max-width: 1152px) 100vw, 1152px\" \/><\/figure>\n\n\n\n<figure class=\"wp-block-image size-full\"><img width=\"961\" height=\"1280\" src=\"https:\/\/www.le-moulin-a-vent.com\/wp-content\/uploads\/2024\/11\/00001211905-scaled-e1735831498627.jpg\" alt=\"\" class=\"wp-image-3378\"\/><\/figure>\n<\/figure>\n\n\n\n<ul class=\"pictos\"><li><i class=\"fal fa-table-picnic\"><\/i>  Gartenm\u00f6bel<\/li><li><i class=\"fal fa-air-conditioner\"><\/i>  Klimaanlage<\/li><\/ul>\n\n\n\n<p>Ferienh\u00e4user Cigale und Luberon :  <\/p>\n\n\n\n<ul><li>Fl\u00e4che 17,5m\u00b2<\/li><li>1 Zi. mit 1 betten 140&#215;190<\/li><li>Duschraum mit Toilette<\/li><li>\u00dcberdachte Terrasse mit Gartenm\u00f6beln<\/li><li>Geschirr angepasst an die Anzahl der Personen<\/li><\/ul>\n\n\n\n<ul><li>Fernsehen<\/li><li>Reversible Klimaanlage<\/li><\/ul>\n\n\n\n<p>Ferienh\u00e4user Ecureuil :  <\/p>\n\n\n\n<ul><li>Fl\u00e4che 32,5m\u00b2<\/li><li>2 Zi. inklusive 1 Zi. mit 2 bedden 140&#215;190 und 1 Zi. mit 2 bedden 80&#215;190<\/li><li>Duschraum mit Toilette<\/li><li>\u00dcberdachte Terrasse mit Gartenm\u00f6beln<\/li><li>Geschirr angepasst an die Anzahl der Personen<\/li><li>Geschirr angepasst an die Anzahl der Personen<\/li><\/ul>\n\n\n\n<ul><li>Fernsehen<\/li><li>Reversible Klimaanlage<\/li><\/ul>\n\n\n\n<div class=\"wp-container-69f282866df6e wp-block-buttons\">\n<div class=\"wp-block-button btn_resa_id_49309\"><a class=\"wp-block-button__link\"><i class=\"fas fa-arrow-right\"><\/i> Buch Mobilheim Ecureuil<\/a><\/div>\n\n\n\n<div class=\"wp-block-button btn_resa_id_49303\"><a class=\"wp-block-button__link\"><i class=\"fas fa-arrow-right\"><\/i> Buch Mobilheim Cigale oder Olivier<\/a><\/div>\n<\/div>\n<\/div>\n<\/div>\n\n\n\n<div class=\"wp-block-columns alignfull has-jaune-clair-background-color has-background\">\n<div class=\"wp-block-column\">\n<figure class=\"wp-block-gallery has-nested-images columns-default is-cropped alignfull\">\n<figure class=\"wp-block-image size-large\"><img width=\"1024\" height=\"461\" src=\"https:\/\/www.le-moulin-a-vent.com\/wp-content\/uploads\/2025\/11\/coco-sweet-place-17-et-22-1-1024x461.jpg\" alt=\"\" class=\"wp-image-3592\" srcset=\"https:\/\/www.le-moulin-a-vent.com\/wp-content\/uploads\/2025\/11\/coco-sweet-place-17-et-22-1-1024x461.jpg 1024w, https:\/\/www.le-moulin-a-vent.com\/wp-content\/uploads\/2025\/11\/coco-sweet-place-17-et-22-1-300x135.jpg 300w, https:\/\/www.le-moulin-a-vent.com\/wp-content\/uploads\/2025\/11\/coco-sweet-place-17-et-22-1-768x345.jpg 768w, https:\/\/www.le-moulin-a-vent.com\/wp-content\/uploads\/2025\/11\/coco-sweet-place-17-et-22-1-1536x691.jpg 1536w, https:\/\/www.le-moulin-a-vent.com\/wp-content\/uploads\/2025\/11\/coco-sweet-place-17-et-22-1.jpg 2048w\" sizes=\"(max-width: 1024px) 100vw, 1024px\" \/><\/figure>\n\n\n\n<figure class=\"wp-block-image size-full\"><img width=\"577\" height=\"433\" src=\"https:\/\/www.le-moulin-a-vent.com\/wp-content\/uploads\/2022\/12\/Coco-Sweet-4-personnes.jpg\" alt=\"\" class=\"wp-image-1615\" srcset=\"https:\/\/www.le-moulin-a-vent.com\/wp-content\/uploads\/2022\/12\/Coco-Sweet-4-personnes.jpg 577w, https:\/\/www.le-moulin-a-vent.com\/wp-content\/uploads\/2022\/12\/Coco-Sweet-4-personnes-300x225.jpg 300w\" sizes=\"(max-width: 577px) 100vw, 577px\" \/><\/figure>\n<\/figure>\n<\/div>\n\n\n\n<div class=\"wp-block-column is-vertically-aligned-center\">\n<h2 class=\"h2_vert\" id=\"une-location-de-vacances-en-camping-insoliteau-coeur-du-parc-naturel-regional-du-luberon\">Eine Ferienunterkunft auf einem ungew\u00f6hnlichen Campingplatz<br><em>im Herzen des Regionalen Naturparks Luberon<\/em><\/h2>\n\n\n\n<p>Sie w\u00fcnschen sich eine ausgefallene, aber dennoch gem\u00fctliche und ruhige Unterkunft? Verbringen Sie Ihren Urlaub in unseren Coco Sweet-Zelten, einem v\u00f6llig <strong>neu konzipierten<\/strong> Freizeithabitat, das als <strong>Fun- und Design-Alternative<\/strong> zu den klassischen Zelten und Mobilheimen gedacht ist.<\/p>\n\n\n\n<p>Sie k\u00f6nnen bis zu 4 Personen beherbergen und verf\u00fcgen \u00fcber eine K\u00fcchenzeile, eine Terrasse mit Gartenm\u00f6beln und einen Gaskocher.<\/p>\n\n\n\n<p>Diese ungew\u00f6hnlichen Unterk\u00fcnfte verschmelzen mit der Natur und bieten die M\u00f6glichkeit, einen originellen Aufenthalt in absoluter Privatsph\u00e4re zu verbringen.<\/p>\n<\/div>\n<\/div>\n\n\n\n<div class=\"wp-block-columns loc-container\">\n<div class=\"wp-block-column has-orange-clair-background-color has-background\">\n<p class=\"has-text-align-center h2 h2_orange\" id=\"decouvrez-le-riche-patrimoine-aux-environs-du-sud-provence\"><em>Coco<\/em><br>Sweet (2 Pers.)<\/p>\n\n\n\n<figure class=\"wp-block-gallery has-nested-images columns-default is-cropped diaporama--1\">\n<figure class=\"wp-block-image size-large\"><img width=\"1024\" height=\"461\" src=\"https:\/\/www.le-moulin-a-vent.com\/wp-content\/uploads\/2025\/11\/coco-sweet-place-17-et-22-1-1024x461.jpg\" alt=\"\" class=\"wp-image-3592\" srcset=\"https:\/\/www.le-moulin-a-vent.com\/wp-content\/uploads\/2025\/11\/coco-sweet-place-17-et-22-1-1024x461.jpg 1024w, https:\/\/www.le-moulin-a-vent.com\/wp-content\/uploads\/2025\/11\/coco-sweet-place-17-et-22-1-300x135.jpg 300w, https:\/\/www.le-moulin-a-vent.com\/wp-content\/uploads\/2025\/11\/coco-sweet-place-17-et-22-1-768x345.jpg 768w, https:\/\/www.le-moulin-a-vent.com\/wp-content\/uploads\/2025\/11\/coco-sweet-place-17-et-22-1-1536x691.jpg 1536w, https:\/\/www.le-moulin-a-vent.com\/wp-content\/uploads\/2025\/11\/coco-sweet-place-17-et-22-1.jpg 2048w\" sizes=\"(max-width: 1024px) 100vw, 1024px\" \/><\/figure>\n\n\n\n<figure class=\"wp-block-image size-full\"><img width=\"1140\" height=\"761\" src=\"https:\/\/www.le-moulin-a-vent.com\/wp-content\/uploads\/2023\/01\/coco-sweet_2-personnes.jpg\" alt=\"\" class=\"wp-image-2486\" srcset=\"https:\/\/www.le-moulin-a-vent.com\/wp-content\/uploads\/2023\/01\/coco-sweet_2-personnes.jpg 1140w, https:\/\/www.le-moulin-a-vent.com\/wp-content\/uploads\/2023\/01\/coco-sweet_2-personnes-300x200.jpg 300w, https:\/\/www.le-moulin-a-vent.com\/wp-content\/uploads\/2023\/01\/coco-sweet_2-personnes-1024x684.jpg 1024w, https:\/\/www.le-moulin-a-vent.com\/wp-content\/uploads\/2023\/01\/coco-sweet_2-personnes-768x513.jpg 768w\" sizes=\"(max-width: 1140px) 100vw, 1140px\" \/><\/figure>\n\n\n\n<figure class=\"wp-block-image size-full\"><img width=\"480\" height=\"320\" src=\"https:\/\/www.le-moulin-a-vent.com\/wp-content\/uploads\/2023\/01\/cuisine-coco-2.jpg\" alt=\"\" class=\"wp-image-2490\" srcset=\"https:\/\/www.le-moulin-a-vent.com\/wp-content\/uploads\/2023\/01\/cuisine-coco-2.jpg 480w, https:\/\/www.le-moulin-a-vent.com\/wp-content\/uploads\/2023\/01\/cuisine-coco-2-300x200.jpg 300w\" sizes=\"(max-width: 480px) 100vw, 480px\" \/><\/figure>\n<\/figure>\n\n\n\n<ul><li>Fl\u00e4che 12 m\u00b2<\/li><li>Bett 140&#215;190<\/li><li>Kleiderschrank<\/li><li>\u00dcberdachte Terrasse und Gartenm\u00f6bel<\/li><li>Nespresso-Kaffeemaschine<\/li><li>Gaskocher<\/li><\/ul>\n\n\n\n<a href=\"https:\/\/www.le-moulin-a-vent.com\/wp-content\/uploads\/2023\/01\/COCO-SWEET-2-personnes.pdf\" target=\"_blank\" rel=\"noopener\">Inventar Coco Sweet 2 pers.<\/a>\n\n\n\n<div class=\"wp-container-69f282866e59c wp-block-buttons\">\n<div class=\"wp-block-button btn_resa_id_108630\"><a class=\"wp-block-button__link\"><i class=\"fas fa-arrow-right\"><\/i> Buchen<\/a><\/div>\n<\/div>\n<\/div>\n\n\n\n<div class=\"wp-block-column has-orange-clair-background-color has-background\">\n<p class=\"has-text-align-center h2 h2_orange\" id=\"decouvrez-le-riche-patrimoine-aux-environs-du-sud-provence\"><em>Coco<\/em><br>Sweet (2 bis 4 Pers.)<\/p>\n\n\n\n<figure class=\"wp-block-gallery has-nested-images columns-default is-cropped diaporama--1\">\n<figure class=\"wp-block-image size-full\"><img width=\"2560\" height=\"1707\" src=\"https:\/\/www.le-moulin-a-vent.com\/wp-content\/uploads\/2023\/01\/coco-4-scaled.jpg\" alt=\"\" class=\"wp-image-2462\" srcset=\"https:\/\/www.le-moulin-a-vent.com\/wp-content\/uploads\/2023\/01\/coco-4-scaled.jpg 2560w, https:\/\/www.le-moulin-a-vent.com\/wp-content\/uploads\/2023\/01\/coco-4-300x200.jpg 300w, https:\/\/www.le-moulin-a-vent.com\/wp-content\/uploads\/2023\/01\/coco-4-1024x683.jpg 1024w, https:\/\/www.le-moulin-a-vent.com\/wp-content\/uploads\/2023\/01\/coco-4-768x512.jpg 768w, https:\/\/www.le-moulin-a-vent.com\/wp-content\/uploads\/2023\/01\/coco-4-1536x1024.jpg 1536w, https:\/\/www.le-moulin-a-vent.com\/wp-content\/uploads\/2023\/01\/coco-4-2048x1365.jpg 2048w\" sizes=\"(max-width: 2560px) 100vw, 2560px\" \/><\/figure>\n\n\n\n<figure class=\"wp-block-image size-full\"><img width=\"480\" height=\"320\" src=\"https:\/\/www.le-moulin-a-vent.com\/wp-content\/uploads\/2023\/01\/coco-sweet-4-personnes.jpg\" alt=\"\" class=\"wp-image-2466\" srcset=\"https:\/\/www.le-moulin-a-vent.com\/wp-content\/uploads\/2023\/01\/coco-sweet-4-personnes.jpg 480w, https:\/\/www.le-moulin-a-vent.com\/wp-content\/uploads\/2023\/01\/coco-sweet-4-personnes-300x200.jpg 300w\" sizes=\"(max-width: 480px) 100vw, 480px\" \/><\/figure>\n\n\n\n<figure class=\"wp-block-image size-full\"><img width=\"390\" height=\"390\" src=\"https:\/\/www.le-moulin-a-vent.com\/wp-content\/uploads\/2023\/01\/chambres-coco-4.webp\" alt=\"\" class=\"wp-image-2458\" srcset=\"https:\/\/www.le-moulin-a-vent.com\/wp-content\/uploads\/2023\/01\/chambres-coco-4.webp 390w, https:\/\/www.le-moulin-a-vent.com\/wp-content\/uploads\/2023\/01\/chambres-coco-4-300x300.webp 300w, https:\/\/www.le-moulin-a-vent.com\/wp-content\/uploads\/2023\/01\/chambres-coco-4-150x150.webp 150w\" sizes=\"(max-width: 390px) 100vw, 390px\" \/><\/figure>\n\n\n\n<figure class=\"wp-block-image size-full\"><img width=\"2560\" height=\"1707\" src=\"https:\/\/www.le-moulin-a-vent.com\/wp-content\/uploads\/2023\/01\/cuisine-coco-4-scaled.jpg\" alt=\"\" class=\"wp-image-2470\" srcset=\"https:\/\/www.le-moulin-a-vent.com\/wp-content\/uploads\/2023\/01\/cuisine-coco-4-scaled.jpg 2560w, https:\/\/www.le-moulin-a-vent.com\/wp-content\/uploads\/2023\/01\/cuisine-coco-4-300x200.jpg 300w, https:\/\/www.le-moulin-a-vent.com\/wp-content\/uploads\/2023\/01\/cuisine-coco-4-1024x683.jpg 1024w, https:\/\/www.le-moulin-a-vent.com\/wp-content\/uploads\/2023\/01\/cuisine-coco-4-768x512.jpg 768w, https:\/\/www.le-moulin-a-vent.com\/wp-content\/uploads\/2023\/01\/cuisine-coco-4-1536x1024.jpg 1536w, https:\/\/www.le-moulin-a-vent.com\/wp-content\/uploads\/2023\/01\/cuisine-coco-4-2048x1365.jpg 2048w\" sizes=\"(max-width: 2560px) 100vw, 2560px\" \/><\/figure>\n<\/figure>\n\n\n\n<ul><li>Fl\u00e4che 17 m\u00b2<\/li><li>Bett 140&#215;190<\/li><li>2 Sitzb\u00e4nke 80\u00d7190 (umwandelbar in 2 Einzelbetten)<\/li><li>Kleiderschrank<\/li><li>\u00dcberdachte Terrasse und Gartenm\u00f6bel<\/li><li>Kaffeemaschine<\/li><li>Gaskocher<\/li><\/ul>\n\n\n\n<a href=\"https:\/\/www.le-moulin-a-vent.com\/wp-content\/uploads\/2023\/01\/COCO-SWEET-4-personnes.pdf\" target=\"_blank\" rel=\"noopener\">Inventar Coco Sweet 4 pers.<\/a>\n\n\n\n<div class=\"wp-container-69f282866ea15 wp-block-buttons\">\n<div class=\"wp-block-button btn_resa_id_108628\"><a class=\"wp-block-button__link\"><i class=\"fas fa-arrow-right\"><\/i> Buchen<\/a><\/div>\n<\/div>\n<\/div>\n<\/div>\n","protected":false},"excerpt":{"rendered":"<p>Unterk\u00fcnfte inmitten der Naturauf diesem baumbestandenen Campingplatz im Vaucluse Erleben Sie eine Auszeit von den Massen auf dem Campingplatz Le Moulin \u00e0 Vent. Entspannen Sie sich in unseren Cottages, die inmitten eines zwei Hektar gro\u00dfen Parks liegen. Ob Sie den Campingplatz Le Moulin \u00e0 Vent f\u00fcr einen ruhigen Aufenthalt, zu zweit oder mit Ihrer Familie [&hellip;]<\/p>\n","protected":false},"author":1,"featured_media":0,"parent":0,"menu_order":0,"comment_status":"closed","ping_status":"closed","template":"","meta":[],"acf":[],"_links":{"self":[{"href":"https:\/\/www.le-moulin-a-vent.com\/de\/wp-json\/wp\/v2\/pages\/2739"}],"collection":[{"href":"https:\/\/www.le-moulin-a-vent.com\/de\/wp-json\/wp\/v2\/pages"}],"about":[{"href":"https:\/\/www.le-moulin-a-vent.com\/de\/wp-json\/wp\/v2\/types\/page"}],"author":[{"embeddable":true,"href":"https:\/\/www.le-moulin-a-vent.com\/de\/wp-json\/wp\/v2\/users\/1"}],"replies":[{"embeddable":true,"href":"https:\/\/www.le-moulin-a-vent.com\/de\/wp-json\/wp\/v2\/comments?post=2739"}],"version-history":[{"count":6,"href":"https:\/\/www.le-moulin-a-vent.com\/de\/wp-json\/wp\/v2\/pages\/2739\/revisions"}],"predecessor-version":[{"id":3599,"href":"https:\/\/www.le-moulin-a-vent.com\/de\/wp-json\/wp\/v2\/pages\/2739\/revisions\/3599"}],"wp:attachment":[{"href":"https:\/\/www.le-moulin-a-vent.com\/de\/wp-json\/wp\/v2\/media?parent=2739"}],"curies":[{"name":"wp","href":"https:\/\/api.w.org\/{rel}","templated":true}]}}