{"id":2693,"date":"2023-01-10T10:04:53","date_gmt":"2023-01-10T09:04:53","guid":{"rendered":"https:\/\/www.le-moulin-a-vent.com\/aktivitaeten\/"},"modified":"2025-11-17T11:02:03","modified_gmt":"2025-11-17T10:02:03","slug":"aktivitaeten","status":"publish","type":"page","link":"https:\/\/www.le-moulin-a-vent.com\/de\/aktivitaeten\/","title":{"rendered":"Aktivit\u00e4ten"},"content":{"rendered":"\n<div class=\"wp-block-group encart-information\"><div class=\"wp-block-group__inner-container\">\n<p class=\"has-text-align-center\"><strong>\u00dcbertragung <strong>der Tour de France, Roland Garros<\/strong> auf der Au\u00dfenterrasse des Campingplatzes jeden Nachmittag!<\/strong><\/p>\n<\/div><\/div>\n\n\n\n<div class=\"wp-block-columns alignfull has-orange-clair-background-color has-background\">\n<div class=\"wp-block-column\" style=\"flex-basis:35%\">\n<figure class=\"wp-block-gallery alignfull has-nested-images columns-2 is-cropped\">\n<figure class=\"wp-block-image size-full\"><img width=\"800\" height=\"600\" src=\"https:\/\/www.le-moulin-a-vent.com\/wp-content\/uploads\/2023\/01\/parcours-sentier-la-foret-des-cedres.jpg\" alt=\"\" class=\"wp-image-2320\" srcset=\"https:\/\/www.le-moulin-a-vent.com\/wp-content\/uploads\/2023\/01\/parcours-sentier-la-foret-des-cedres.jpg 800w, https:\/\/www.le-moulin-a-vent.com\/wp-content\/uploads\/2023\/01\/parcours-sentier-la-foret-des-cedres-300x225.jpg 300w, https:\/\/www.le-moulin-a-vent.com\/wp-content\/uploads\/2023\/01\/parcours-sentier-la-foret-des-cedres-768x576.jpg 768w\" sizes=\"(max-width: 800px) 100vw, 800px\" \/><\/figure>\n\n\n\n<figure class=\"wp-block-image size-large\"><img width=\"1024\" height=\"682\" src=\"https:\/\/www.le-moulin-a-vent.com\/wp-content\/uploads\/2022\/12\/pexels-pixabay-161172-1024x682.jpg\" alt=\"\" class=\"wp-image-1748\" srcset=\"https:\/\/www.le-moulin-a-vent.com\/wp-content\/uploads\/2022\/12\/pexels-pixabay-161172-1024x682.jpg 1024w, https:\/\/www.le-moulin-a-vent.com\/wp-content\/uploads\/2022\/12\/pexels-pixabay-161172-300x200.jpg 300w, https:\/\/www.le-moulin-a-vent.com\/wp-content\/uploads\/2022\/12\/pexels-pixabay-161172-768x511.jpg 768w, https:\/\/www.le-moulin-a-vent.com\/wp-content\/uploads\/2022\/12\/pexels-pixabay-161172-1536x1022.jpg 1536w, https:\/\/www.le-moulin-a-vent.com\/wp-content\/uploads\/2022\/12\/pexels-pixabay-161172.jpg 1920w\" sizes=\"(max-width: 1024px) 100vw, 1024px\" \/><\/figure>\n\n\n\n<figure class=\"wp-block-image size-large logo\"><img width=\"250\" height=\"250\" src=\"https:\/\/www.le-moulin-a-vent.com\/wp-content\/uploads\/2022\/12\/1353-normal.jpg\" alt=\"\" class=\"wp-image-1772\" srcset=\"https:\/\/www.le-moulin-a-vent.com\/wp-content\/uploads\/2022\/12\/1353-normal.jpg 250w, https:\/\/www.le-moulin-a-vent.com\/wp-content\/uploads\/2022\/12\/1353-normal-150x150.jpg 150w\" sizes=\"(max-width: 250px) 100vw, 250px\" \/><\/figure>\n<\/figure>\n<\/div>\n\n\n\n<div class=\"wp-block-column\">\n<h1 id=\"des-activites-conviviales-et-en-pleinenature-au-camping-vaucluse\"><em>Aktivit\u00e4ten<\/em> im Freien<\/h1>\n\n\n\n<p>Genie\u00dfen Sie die wundersch\u00f6ne Landschaft der Region, wenn Sie vom Campingplatz Le Moulin \u00e0 Vent aus zu Fu\u00df oder mit dem Fahrrad zu einer Wanderung im Luberon Vaucluse aufbrechen.<\/p>\n\n\n\n<p>Der Campingplatz wird von Liebhabern des Luberon mit dem Fahrrad wegen seiner Lage und der Ruhe, die er ausstrahlt, gesch\u00e4tzt.<\/p>\n\n\n\n<p>Der Campingplatz ist &#8220;Accueil v\u00e9lo*&#8221;!<\/p>\n\n\n\n<div class=\"wp-container-69f46204d3fbf wp-block-buttons\">\n<div class=\"wp-block-button\"><a class=\"wp-block-button__link\" href=\"\" target=\"_blank\" rel=\"noreferrer noopener\"><i class=\"fal fa-map\"><\/i>  Fahrradrouten ansehen<\/a><\/div>\n\n\n\n<div class=\"wp-block-button is-style-outline\"><a class=\"wp-block-button__link\" href=\"\" target=\"_blank\" rel=\"noreferrer noopener\"><i class=\"fal fa-map\"><\/i>  Wandern &#8211; Cucuron: Sentier des vignerons (Weinlehrpfad)<\/a><\/div>\n\n\n\n<div class=\"wp-block-button is-style-outline\"><a class=\"wp-block-button__link\" href=\"\" target=\"_blank\" rel=\"noreferrer noopener\"><i class=\"fal fa-map\"><\/i>  Wandern &#8211; Ansouis: Zwischen Gassen und Caladen<\/a><\/div>\n\n\n\n<div class=\"wp-block-button is-style-outline\"><a class=\"wp-block-button__link\" href=\"\"><i class=\"fal fa-map\"><\/i>  Wandern &#8211; Luberon: La Mourre N\u00e8gre<\/a><\/div>\n\n\n\n<div class=\"wp-block-button is-style-outline\"><a class=\"wp-block-button__link\" href=\"\"><i class=\"fal fa-map\"><\/i>  Wandern &#8211; Luberon: Der Wald der Zedern<\/a><\/div>\n<\/div>\n<\/div>\n<\/div>\n\n\n\n<div class=\"wp-block-group encart-information\"><div class=\"wp-block-group__inner-container\">\n<p class=\"has-text-align-center\">F\u00fcr weitere Informationen k\u00f6nnen Sie gerne die Websites unserer Partner besuchen<\/p>\n\n\n\n<figure class=\"wp-block-gallery has-nested-images columns-5 is-cropped logos\">\n<figure class=\"wp-block-image size-large\"><a href=\"https:\/\/www.veloloisirprovence.com\/\" target=\"_blank\" rel=\"noopener\"><img width=\"181\" height=\"150\" src=\"https:\/\/www.le-moulin-a-vent.com\/wp-content\/uploads\/2024\/12\/pastedImage-4.png\" alt=\"\" class=\"wp-image-3410\"\/><\/a><\/figure>\n\n\n\n<figure class=\"wp-block-image size-large\"><a href=\"https:\/\/www.luberon-sud-tourisme.fr\/\" target=\"_blank\" rel=\"noopener\"><img width=\"92\" height=\"92\" src=\"https:\/\/www.le-moulin-a-vent.com\/wp-content\/uploads\/2024\/12\/pastedImage-3.png\" alt=\"\" class=\"wp-image-3416\"\/><\/a><\/figure>\n\n\n\n<figure class=\"wp-block-image size-large\"><a href=\"https:\/\/www.luberon-apt.fr\/\" target=\"_blank\" rel=\"noopener\"><img width=\"300\" height=\"122\" src=\"https:\/\/www.le-moulin-a-vent.com\/wp-content\/uploads\/2024\/12\/pastedImage-2.png\" alt=\"\" class=\"wp-image-3419\"\/><\/a><\/figure>\n\n\n\n<figure class=\"wp-block-image size-large\"><a href=\"https:\/\/www.parcduluberon.fr\/\" target=\"_blank\" rel=\"noopener\"><img width=\"219\" height=\"279\" src=\"https:\/\/www.le-moulin-a-vent.com\/wp-content\/uploads\/2024\/12\/pastedImage-1.png\" alt=\"\" class=\"wp-image-3412\"\/><\/a><\/figure>\n\n\n\n<figure class=\"wp-block-image size-large\"><a href=\"https:\/\/www.destinationluberon.com\/\" target=\"_blank\" rel=\"noopener\"><img width=\"300\" height=\"150\" src=\"https:\/\/www.le-moulin-a-vent.com\/wp-content\/uploads\/2024\/12\/pastedImage.png\" alt=\"\" class=\"wp-image-3426\"\/><\/a><\/figure>\n<\/figure>\n<\/div><\/div>\n\n\n\n<div class=\"wp-block-columns alignfull has-jaune-clair-background-color has-background\">\n<div class=\"wp-block-column is-vertically-aligned-center\">\n<h2 class=\"h2_vert\" id=\"que-faire-autour-du-campingle-moulin-a-vent\">Was man in der Umgebung des Campingplatzes unternehmen kann<br><em>Die Moulin \u00e0 Vent?<\/em><\/h2>\n\n\n\n<div style=\"height:16px\" aria-hidden=\"true\" class=\"wp-block-spacer\"><\/div>\n\n\n\n<ul class=\"pictos_around\"><li><i class=\"fal fa-horse\"><\/i>  Ausritt zu Pferd<\/li><li><i class=\"fal fa-bicycle\"><\/i>  Fahrradtour<\/li><li><i class=\"fal fa-water\"><\/i>  Rund um den See<\/li><li><i class=\"fal fa-mountains\"><\/i>  Klettern<\/li><\/ul>\n\n\n\n<div style=\"height:16px\" aria-hidden=\"true\" class=\"wp-block-spacer\"><\/div>\n\n\n\n<p>Im Herzen der Provence k\u00f6nnen Sie bei einem Aufenthalt auf einem 3-Sterne-Campingplatz die Wanderwege der Vaucluse nutzen oder eine Radtour durch den Luberon unternehmen.  <\/p>\n\n\n\n<div class=\"wp-block-group lire-plus-mobile\"><div class=\"wp-block-group__inner-container\">\n<p>Lesen Sie mehr<\/p>\n\n\n\n<div class=\"wp-container-69f46204d4564 wp-block-group\"><div class=\"wp-block-group__inner-container\">\n<p>Sie k\u00f6nnen auch auf einem Esel reiten, um in aller Ruhe die ganze Sch\u00f6nheit der umliegenden Landschaft zu entdecken.<\/p>\n\n\n\n<p>Wenn Sie in der N\u00e4he des Campingplatzes die Freuden des Wassers (Baden, Angeln) genie\u00dfen m\u00f6chten, gehen Sie zum \u00c9tang de la Bonde.<\/p>\n\n\n\n<p>F\u00fcr Kletterbegeisterte gibt es an den mythischen Klippen von Buoux freies Klettern. Buoux ist f\u00fcr seinen l\u00f6chrigen Kalkstein bekannt und bietet Routen, die zu den sch\u00f6nsten im S\u00fcdosten Frankreichs geh\u00f6ren.<\/p>\n<\/div><\/div>\n<\/div><\/div>\n\n\n\n<div class=\"wp-container-69f46204d48d3 wp-block-buttons\">\n<div class=\"wp-block-button\"><a class=\"wp-block-button__link\" href=\"https:\/\/www.le-moulin-a-vent.com\/de\/aux-alentours\/\"><i class=\"fas fa-arrow-right\"><\/i>  Die Umgebung entdecken<\/a><\/div>\n<\/div>\n<\/div>\n\n\n\n<div class=\"wp-block-column\">\n<figure class=\"wp-block-gallery aligncenter has-nested-images columns-2 is-cropped alignfull\">\n<figure class=\"wp-block-image size-full\"><img width=\"800\" height=\"600\" src=\"https:\/\/www.le-moulin-a-vent.com\/wp-content\/uploads\/2022\/12\/balade-ane.jpg\" alt=\"\" class=\"wp-image-1786\" srcset=\"https:\/\/www.le-moulin-a-vent.com\/wp-content\/uploads\/2022\/12\/balade-ane.jpg 800w, https:\/\/www.le-moulin-a-vent.com\/wp-content\/uploads\/2022\/12\/balade-ane-300x225.jpg 300w, https:\/\/www.le-moulin-a-vent.com\/wp-content\/uploads\/2022\/12\/balade-ane-768x576.jpg 768w\" sizes=\"(max-width: 800px) 100vw, 800px\" \/><\/figure>\n\n\n\n<figure class=\"wp-block-image size-full\"><img width=\"1023\" height=\"682\" src=\"https:\/\/www.le-moulin-a-vent.com\/wp-content\/uploads\/2022\/11\/letang-de-la-bonde.jpg\" alt=\"\" class=\"wp-image-852\" srcset=\"https:\/\/www.le-moulin-a-vent.com\/wp-content\/uploads\/2022\/11\/letang-de-la-bonde.jpg 1023w, https:\/\/www.le-moulin-a-vent.com\/wp-content\/uploads\/2022\/11\/letang-de-la-bonde-300x200.jpg 300w, https:\/\/www.le-moulin-a-vent.com\/wp-content\/uploads\/2022\/11\/letang-de-la-bonde-768x512.jpg 768w\" sizes=\"(max-width: 1023px) 100vw, 1023px\" \/><\/figure>\n\n\n\n<figure class=\"wp-block-image size-large\"><img width=\"768\" height=\"1024\" src=\"https:\/\/www.le-moulin-a-vent.com\/wp-content\/uploads\/2022\/12\/escalade-buoux-768x1024.jpg\" alt=\"\" class=\"wp-image-1790\" srcset=\"https:\/\/www.le-moulin-a-vent.com\/wp-content\/uploads\/2022\/12\/escalade-buoux-768x1024.jpg 768w, https:\/\/www.le-moulin-a-vent.com\/wp-content\/uploads\/2022\/12\/escalade-buoux-225x300.jpg 225w, https:\/\/www.le-moulin-a-vent.com\/wp-content\/uploads\/2022\/12\/escalade-buoux-1152x1536.jpg 1152w, https:\/\/www.le-moulin-a-vent.com\/wp-content\/uploads\/2022\/12\/escalade-buoux.jpg 1536w\" sizes=\"(max-width: 768px) 100vw, 768px\" \/><\/figure>\n\n\n\n<figure class=\"wp-block-image size-large\"><img width=\"2560\" height=\"1707\" src=\"https:\/\/www.le-moulin-a-vent.com\/wp-content\/uploads\/2022\/11\/emre-9SDh6PF2g_U-unsplash-scaled.jpg\" alt=\"\" class=\"wp-image-955\" srcset=\"https:\/\/www.le-moulin-a-vent.com\/wp-content\/uploads\/2022\/11\/emre-9SDh6PF2g_U-unsplash-scaled.jpg 2560w, https:\/\/www.le-moulin-a-vent.com\/wp-content\/uploads\/2022\/11\/emre-9SDh6PF2g_U-unsplash-300x200.jpg 300w, https:\/\/www.le-moulin-a-vent.com\/wp-content\/uploads\/2022\/11\/emre-9SDh6PF2g_U-unsplash-1024x683.jpg 1024w, https:\/\/www.le-moulin-a-vent.com\/wp-content\/uploads\/2022\/11\/emre-9SDh6PF2g_U-unsplash-768x512.jpg 768w, https:\/\/www.le-moulin-a-vent.com\/wp-content\/uploads\/2022\/11\/emre-9SDh6PF2g_U-unsplash-1536x1024.jpg 1536w, https:\/\/www.le-moulin-a-vent.com\/wp-content\/uploads\/2022\/11\/emre-9SDh6PF2g_U-unsplash-2048x1365.jpg 2048w\" sizes=\"(max-width: 2560px) 100vw, 2560px\" \/><\/figure>\n<\/figure>\n<\/div>\n<\/div>\n\n\n\n<div class=\"wp-block-columns fleur_droite\">\n<div class=\"wp-block-column galerie_horizontale\" style=\"flex-basis:35%\">\n<figure class=\"wp-block-gallery has-nested-images columns-2 is-cropped alignfull mob--display\">\n<figure class=\"wp-block-image size-large\"><img width=\"2560\" height=\"1440\" src=\"https:\/\/www.le-moulin-a-vent.com\/wp-content\/uploads\/2022\/12\/tournoi-petanque-scaled.jpg\" alt=\"\" class=\"wp-image-1801\" srcset=\"https:\/\/www.le-moulin-a-vent.com\/wp-content\/uploads\/2022\/12\/tournoi-petanque-scaled.jpg 2560w, https:\/\/www.le-moulin-a-vent.com\/wp-content\/uploads\/2022\/12\/tournoi-petanque-300x169.jpg 300w, https:\/\/www.le-moulin-a-vent.com\/wp-content\/uploads\/2022\/12\/tournoi-petanque-1024x576.jpg 1024w, https:\/\/www.le-moulin-a-vent.com\/wp-content\/uploads\/2022\/12\/tournoi-petanque-768x432.jpg 768w, https:\/\/www.le-moulin-a-vent.com\/wp-content\/uploads\/2022\/12\/tournoi-petanque-1536x864.jpg 1536w, https:\/\/www.le-moulin-a-vent.com\/wp-content\/uploads\/2022\/12\/tournoi-petanque-2048x1152.jpg 2048w, https:\/\/www.le-moulin-a-vent.com\/wp-content\/uploads\/2022\/12\/tournoi-petanque-1920x1080.jpg 1920w\" sizes=\"(max-width: 2560px) 100vw, 2560px\" \/><\/figure>\n\n\n\n<figure class=\"wp-block-image size-large\"><img width=\"1600\" height=\"720\" src=\"https:\/\/www.le-moulin-a-vent.com\/wp-content\/uploads\/2022\/12\/coucher-de-soleil-2-au-camping.jpg\" alt=\"\" class=\"wp-image-1805\" srcset=\"https:\/\/www.le-moulin-a-vent.com\/wp-content\/uploads\/2022\/12\/coucher-de-soleil-2-au-camping.jpg 1600w, https:\/\/www.le-moulin-a-vent.com\/wp-content\/uploads\/2022\/12\/coucher-de-soleil-2-au-camping-300x135.jpg 300w, https:\/\/www.le-moulin-a-vent.com\/wp-content\/uploads\/2022\/12\/coucher-de-soleil-2-au-camping-1024x461.jpg 1024w, https:\/\/www.le-moulin-a-vent.com\/wp-content\/uploads\/2022\/12\/coucher-de-soleil-2-au-camping-768x346.jpg 768w, https:\/\/www.le-moulin-a-vent.com\/wp-content\/uploads\/2022\/12\/coucher-de-soleil-2-au-camping-1536x691.jpg 1536w\" sizes=\"(max-width: 1600px) 100vw, 1600px\" \/><\/figure>\n\n\n\n<figure class=\"wp-block-image size-large\"><img width=\"1024\" height=\"768\" src=\"https:\/\/www.le-moulin-a-vent.com\/wp-content\/uploads\/2025\/11\/food-truck-Daniel-1-1024x768.webp\" alt=\"\" class=\"wp-image-3583\" srcset=\"https:\/\/www.le-moulin-a-vent.com\/wp-content\/uploads\/2025\/11\/food-truck-Daniel-1-1024x768.webp 1024w, https:\/\/www.le-moulin-a-vent.com\/wp-content\/uploads\/2025\/11\/food-truck-Daniel-1-300x225.webp 300w, https:\/\/www.le-moulin-a-vent.com\/wp-content\/uploads\/2025\/11\/food-truck-Daniel-1-768x576.webp 768w, https:\/\/www.le-moulin-a-vent.com\/wp-content\/uploads\/2025\/11\/food-truck-Daniel-1.webp 1280w\" sizes=\"(max-width: 1024px) 100vw, 1024px\" \/><\/figure>\n<\/figure>\n<\/div>\n\n\n\n<div class=\"wp-block-column\">\n<h2 class=\"h2_vert\" id=\"des-activites-conviviales-et-en-pleinenature-au-camping-vaucluse\">Aktivit\u00e4ten<br><em>in einer freundlichen Atmosph\u00e4re<\/em><\/h2>\n\n\n\n<p>Carine und Patrice bieten Ihnen w\u00e4hrend Ihres Urlaubs unkomplizierte Momente der Gemeinsamkeit, in denen Austausch, Geselligkeit und gute Laune herrschen.<\/p>\n\n\n\n<p>Zwischen Mai und September kommt regelm\u00e4\u00dfig ein Pizza-Truck vorbei, um uns mit traditionellen Gerichten zu verw\u00f6hnen. Es werden Verkostungen mit verschiedenen Weing\u00fctern aus Cucuron (AOP Luberon, biologisch \u2026) organisiert. Eine Auswahl dieser Weine ist im Lebensmittelgesch\u00e4ft erh\u00e4ltlich.<\/p>\n\n\n\n<p>Aperitifs und Bouleturniere bieten die Gelegenheit, sch\u00f6ne Momente mit Ihren Lieben zu verbringen, aber auch mit den Besitzern zu plaudern und andere Camper kennen zu lernen.<\/p>\n\n\n\n<p><strong>Und vergessen Sie nicht, vor dem Schlafengehen den wundersch\u00f6nen Sonnenuntergang zu bewundern, den Sie vom Campingplatz aus sehen k\u00f6nnen!<\/strong><\/p>\n\n\n\n<div class=\"wp-container-69f46204d4e49 wp-block-buttons\">\n<div class=\"wp-block-button\"><a class=\"wp-block-button__link\" href=\"https:\/\/www.le-moulin-a-vent.com\/de\/dienste\/\"><i class=\"fas fa-arrow-right\"><\/i>  Entdecken Sie unsere Dienstleistungen<\/a><\/div>\n<\/div>\n<\/div>\n<\/div>\n","protected":false},"excerpt":{"rendered":"<p>Aktivit\u00e4ten im Freien Genie\u00dfen Sie die wundersch\u00f6ne Landschaft der Region, wenn Sie vom Campingplatz Le Moulin \u00e0 Vent aus zu Fu\u00df oder mit dem Fahrrad zu einer Wanderung im Luberon Vaucluse aufbrechen. Der Campingplatz wird von Liebhabern des Luberon mit dem Fahrrad wegen seiner Lage und der Ruhe, die er ausstrahlt, gesch\u00e4tzt. Der Campingplatz ist [&hellip;]<\/p>\n","protected":false},"author":1,"featured_media":0,"parent":0,"menu_order":0,"comment_status":"closed","ping_status":"closed","template":"","meta":[],"acf":[],"_links":{"self":[{"href":"https:\/\/www.le-moulin-a-vent.com\/de\/wp-json\/wp\/v2\/pages\/2693"}],"collection":[{"href":"https:\/\/www.le-moulin-a-vent.com\/de\/wp-json\/wp\/v2\/pages"}],"about":[{"href":"https:\/\/www.le-moulin-a-vent.com\/de\/wp-json\/wp\/v2\/types\/page"}],"author":[{"embeddable":true,"href":"https:\/\/www.le-moulin-a-vent.com\/de\/wp-json\/wp\/v2\/users\/1"}],"replies":[{"embeddable":true,"href":"https:\/\/www.le-moulin-a-vent.com\/de\/wp-json\/wp\/v2\/comments?post=2693"}],"version-history":[{"count":6,"href":"https:\/\/www.le-moulin-a-vent.com\/de\/wp-json\/wp\/v2\/pages\/2693\/revisions"}],"predecessor-version":[{"id":3590,"href":"https:\/\/www.le-moulin-a-vent.com\/de\/wp-json\/wp\/v2\/pages\/2693\/revisions\/3590"}],"wp:attachment":[{"href":"https:\/\/www.le-moulin-a-vent.com\/de\/wp-json\/wp\/v2\/media?parent=2693"}],"curies":[{"name":"wp","href":"https:\/\/api.w.org\/{rel}","templated":true}]}}